{"id":83,"date":"2018-04-13T17:03:20","date_gmt":"2018-04-13T17:03:20","guid":{"rendered":"http:\/\/www.salusottawa.org\/fr\/?page_id=83"},"modified":"2018-07-10T13:59:53","modified_gmt":"2018-07-10T13:59:53","slug":"programmes-de-readaptation-transitionnelle","status":"publish","type":"page","link":"https:\/\/www.salusottawa.org\/fr\/services-de-sante-mentale-de-salus\/programmes-de-readaptation-transitionnelle\/","title":{"rendered":"Programmes de r\u00e9adaptation transitionnelle"},"content":{"rendered":"<div class=\"flex_column av_three_fifth  flex_column_div av-zero-column-padding first  \" style='border-radius:0px; '><section class=\"av_textblock_section \"  itemscope=\"itemscope\" itemtype=\"https:\/\/schema.org\/CreativeWork\" ><div class='avia_textblock  '   itemprop=\"text\" ><h1>Programmes de r\u00e9adaptation transitionnelle<\/h1>\n<p>Largement reconnus pour leur approche avant-gardiste en mati\u00e8re de soutien au r\u00e9tablissement, les programmes r\u00e9adaptation transitionnelle de Salus aident les adultes qui se r\u00e9tablissent d\u2019une maladie mentale en leur donnant la possibilit\u00e9 de vivre dans un contexte r\u00e9sidentiel.<\/p>\n<p>Notre approche novatrice consiste \u00e0 adapter nos programmes \u00e0 nos clients, plut\u00f4t que de demander \u00e0 nos clients de s\u2019adapter aux programmes. Une d\u00e9marche qui contribue \u00e0 \u00e9liminer les obstacles \u00e0 l&#8217;int\u00e9gration des personnes dans la communaut\u00e9. Nos programmes, qui sont repris actuellement dans toute l\u2019Am\u00e9rique du Nord, se sont av\u00e9r\u00e9s tr\u00e8s efficaces pour soutenir les personnes qui \u00e9prouvent des difficult\u00e9s \u00e0 acc\u00e9der \u00e0 des services en sant\u00e9 mentale \u00e0 leur sortie de l\u2019h\u00f4pital.<\/p>\n<h3>OBJECTIFS DES PROGRAMMES<\/h3>\n<ul>\n<li>Favoriser l\u2019autonomie;<\/li>\n<li>Renforcer les aptitudes et les capacit\u00e9s des participants;<\/li>\n<li>Favoriser la r\u00e9ussite et la satisfaction des personnes dans leurs futurs milieux de vie;<\/li>\n<li>Augmenter les possibilit\u00e9s de mieux-\u00eatre.<\/li>\n<\/ul>\n<p>Les programmes de r\u00e9adaptation transionnelle de Salus ne s\u2019occupent pas seulement des questions li\u00e9es \u00e0 la sant\u00e9, aux finances et \u00e0 l\u2019alimentation, mais s\u2019efforcent \u00e9galement d\u2019aider les clients \u00e0 atteindre leurs objectifs individuels.\u00a0 Nos programmes leur donnent l\u2019occasion d\u2019am\u00e9liorer leurs comp\u00e9tences et de chercher le soutien n\u00e9cessaire pour vivre une vie plus enrichissante au sein de la communaut\u00e9. Nos programmes aident \u00e9galement \u00e0 r\u00e9\u00e9quilibrer les relations familiales, \u00e0 renforcer les r\u00e9seaux de soutien naturel et \u00e0 soulager les familles.<\/p>\n<h3>SERVICES OFFERTS<\/h3>\n<p>Les programmes de r\u00e9adaptation transitionnelle Salus sont fond\u00e9s sur une approche psychosociale ax\u00e9e sur le r\u00e9tablissement. La d\u00e9cision du client et sa participation volontaire constituent des \u00e9l\u00e9ments essentiels du programme. Les services sont assur\u00e9s par une \u00e9quipe diversifi\u00e9e et d\u00e9vou\u00e9e form\u00e9e de membres du personnel de Salus.<\/p>\n<\/div><\/section><\/div>\n<div class=\"flex_column av_two_fifth  flex_column_div av-zero-column-padding   \" style='border-radius:0px; '><div class='avia-image-container  av-styling-    avia-align-center '  itemscope=\"itemscope\" itemtype=\"https:\/\/schema.org\/ImageObject\"  ><div class='avia-image-container-inner'><img class='avia_image ' src='https:\/\/www.salusottawa.org\/fr\/wp-content\/uploads\/sites\/3\/2018\/07\/grad-photo-866x1030.jpg' alt='' title='grad photo'   itemprop=\"thumbnailUrl\"  \/><\/div><\/div><\/div>\n","protected":false},"excerpt":{"rendered":"","protected":false},"author":1,"featured_media":0,"parent":78,"menu_order":0,"comment_status":"closed","ping_status":"closed","template":"","meta":{"footnotes":""},"class_list":["post-83","page","type-page","status-publish","hentry"],"acf":[],"_links":{"self":[{"href":"https:\/\/www.salusottawa.org\/fr\/wp-json\/wp\/v2\/pages\/83","targetHints":{"allow":["GET"]}}],"collection":[{"href":"https:\/\/www.salusottawa.org\/fr\/wp-json\/wp\/v2\/pages"}],"about":[{"href":"https:\/\/www.salusottawa.org\/fr\/wp-json\/wp\/v2\/types\/page"}],"author":[{"embeddable":true,"href":"https:\/\/www.salusottawa.org\/fr\/wp-json\/wp\/v2\/users\/1"}],"replies":[{"embeddable":true,"href":"https:\/\/www.salusottawa.org\/fr\/wp-json\/wp\/v2\/comments?post=83"}],"version-history":[{"count":3,"href":"https:\/\/www.salusottawa.org\/fr\/wp-json\/wp\/v2\/pages\/83\/revisions"}],"predecessor-version":[{"id":577,"href":"https:\/\/www.salusottawa.org\/fr\/wp-json\/wp\/v2\/pages\/83\/revisions\/577"}],"up":[{"embeddable":true,"href":"https:\/\/www.salusottawa.org\/fr\/wp-json\/wp\/v2\/pages\/78"}],"wp:attachment":[{"href":"https:\/\/www.salusottawa.org\/fr\/wp-json\/wp\/v2\/media?parent=83"}],"curies":[{"name":"wp","href":"https:\/\/api.w.org\/{rel}","templated":true}]}}