{"id":170,"date":"2018-04-13T16:14:54","date_gmt":"2018-04-13T16:14:54","guid":{"rendered":"http:\/\/www.salusottawa.org\/fr\/?page_id=170"},"modified":"2018-07-10T13:28:08","modified_gmt":"2018-07-10T13:28:08","slug":"logements-de-salus-avec-soutien","status":"publish","type":"page","link":"https:\/\/www.salusottawa.org\/fr\/logements-de-salus-avec-soutien\/","title":{"rendered":"Logements de Salus avec soutien"},"content":{"rendered":"<div class=\"flex_column av_three_fifth  flex_column_div av-zero-column-padding first  \" style='border-radius:0px; '><section class=\"av_textblock_section \"  itemscope=\"itemscope\" itemtype=\"https:\/\/schema.org\/CreativeWork\" ><div class='avia_textblock  '   itemprop=\"text\" ><h1>Logements de Salus avec soutien<\/h1>\n<h2>La premi\u00e8re \u00e9tape sur la route vers le r\u00e9tablissement est d\u2019avoir un logement stable. Les logements de Salus avec soutien sont ainsi un ingr\u00e9dient essentiel du processus de r\u00e9tablissement pour les adultes vivant avec une maladie mentale grave dans la r\u00e9gion d\u2019Ottawa.<\/h2>\n<p>Salus offre plusieurs options de logement avec soutien, y compris un <a title=\"Programmes de r\u00e9adaptation\" href=\"https:\/\/www.salusottawa.org\/fr\/services-de-sante-mentale-de-salus\/programmes-de-readaptation-transitionnelle\/\">programme de r\u00e9adaptation transitionnelle<\/a>, des r\u00e9sidences partag\u00e9es et des logements dans diff\u00e9rents quartiers de la ville d\u2019Ottawa.<\/p>\n<\/div><\/section><br \/>\n<section class=\"av_textblock_section \"  itemscope=\"itemscope\" itemtype=\"https:\/\/schema.org\/CreativeWork\" ><div class='avia_textblock  '   itemprop=\"text\" ><p><strong>Salus Ottawa propose les options suivantes aux adultes vivant avec une maladie mentale :<\/strong><\/p>\n<ul>\n<li><a title=\"Maisons partag\u00e9es\" href=\"https:\/\/www.salusottawa.org\/fr\/logements-de-salus-avec-soutien\/maisons-partagees\/\">Maisons partag\u00e9es<\/a> \u2013 grandes maisons modernes situ\u00e9es dans diff\u00e9rents quartiers d\u2019Ottawa qui offrent un milieu de vie partag\u00e9 aux adultes vivant avec une maladie mentale grave et persistante.<\/li>\n<li><a title=\"Appartements de Salus\" href=\"https:\/\/www.salusottawa.org\/fr\/logements-de-salus-avec-soutien\/appartements-de-salus\/\">Appartements <\/a>\u2013 immeubles appartenant \u00e0 Salus qui offrent un milieu de vie autonome ainsi qu\u2019un soutien communautaire aux adultes vivant avec une maladie mentale grave et persistante.<\/li>\n<li><a title=\"Appartements de Salus en partenariat\" href=\"https:\/\/www.salusottawa.org\/fr\/logements-de-salus-avec-soutien\/appartements-de-salus-en-partenariat\/\">Logement en partenariat<\/a> \u2013 logements appartenant \u00e0 d\u2019autres fournisseurs de logement qui offrent des milieux de vie autonomes et o\u00f9 Salus offre un soutien communautaire aux adultes vivant avec une maladie mentale grave et persistante.<\/li>\n<\/ul>\n<p>Tous les logements avec soutien de Salus Ottawa sont exploit\u00e9s en vertu de la <a href=\"http:\/\/www.mah.gov.on.ca\/Page2243.aspx\" target=\"_blank\" rel=\"noopener\">Loi sur la location \u00e0 usage d\u2019habitation<\/a>.<\/p>\n<\/div><\/section><\/p><\/div>\n<div class=\"flex_column av_two_fifth  flex_column_div av-zero-column-padding   \" style='border-radius:0px; '><div class='avia-image-container  av-styling-    avia-align-center '  itemscope=\"itemscope\" itemtype=\"https:\/\/schema.org\/ImageObject\"  ><div class='avia-image-container-inner'><img class='avia_image ' src='https:\/\/www.salusottawa.org\/fr\/wp-content\/uploads\/sites\/3\/2018\/07\/Tenant-lunch2-1030x577.jpg' alt='' title='Tenant lunch2'   itemprop=\"thumbnailUrl\"  \/><\/div><\/div><\/div>\n","protected":false},"excerpt":{"rendered":"","protected":false},"author":1,"featured_media":0,"parent":0,"menu_order":0,"comment_status":"closed","ping_status":"closed","template":"","meta":{"footnotes":""},"class_list":["post-170","page","type-page","status-publish","hentry"],"acf":[],"_links":{"self":[{"href":"https:\/\/www.salusottawa.org\/fr\/wp-json\/wp\/v2\/pages\/170","targetHints":{"allow":["GET"]}}],"collection":[{"href":"https:\/\/www.salusottawa.org\/fr\/wp-json\/wp\/v2\/pages"}],"about":[{"href":"https:\/\/www.salusottawa.org\/fr\/wp-json\/wp\/v2\/types\/page"}],"author":[{"embeddable":true,"href":"https:\/\/www.salusottawa.org\/fr\/wp-json\/wp\/v2\/users\/1"}],"replies":[{"embeddable":true,"href":"https:\/\/www.salusottawa.org\/fr\/wp-json\/wp\/v2\/comments?post=170"}],"version-history":[{"count":6,"href":"https:\/\/www.salusottawa.org\/fr\/wp-json\/wp\/v2\/pages\/170\/revisions"}],"predecessor-version":[{"id":1081,"href":"https:\/\/www.salusottawa.org\/fr\/wp-json\/wp\/v2\/pages\/170\/revisions\/1081"}],"wp:attachment":[{"href":"https:\/\/www.salusottawa.org\/fr\/wp-json\/wp\/v2\/media?parent=170"}],"curies":[{"name":"wp","href":"https:\/\/api.w.org\/{rel}","templated":true}]}}