{"id":1178,"date":"2021-11-12T21:54:21","date_gmt":"2021-11-12T21:54:21","guid":{"rendered":"https:\/\/www.salusottawa.org\/fr\/?page_id=1178"},"modified":"2024-07-15T14:48:33","modified_gmt":"2024-07-15T14:48:33","slug":"votre-contribution","status":"publish","type":"page","link":"https:\/\/www.salusottawa.org\/fr\/a-propos-de-salus\/votre-contribution\/","title":{"rendered":"Histoires de Clients"},"content":{"rendered":"<div  class='hr hr-default  '><span class='hr-inner ' ><span class='hr-inner-style'><\/span><\/span><\/div>\n<section class=\"av_textblock_section \"  itemscope=\"itemscope\" itemtype=\"https:\/\/schema.org\/CreativeWork\" ><div class='avia_textblock  '   itemprop=\"text\" ><h1><strong>Le Parcours de Jon vers La Vie Autonome<\/strong><\/h1>\n<p>Le parcours de Jon avec Salus a commenc\u00e9 \u00e0 Fisher, l\u2019un de nos programmes de r\u00e9adaptation transitionnelle con\u00e7us pour soutenir des adultes vivant avec une maladie mentale dans un contexte de groupe. Apr\u00e8s avoir obtenu son dipl\u00f4me de Fisher, Jon a emm\u00e9nag\u00e9 dans un immeuble d\u2019habitation autonome appartenant \u00e0 Salus.<\/p>\n<p>En r\u00e9fl\u00e9chissant \u00e0 son passage \u00e0 Fisher, Jon reconna\u00eet le r\u00f4le essentiel du programme dans sa transition r\u00e9ussie vers la vie autonome.\u00a0Il explique que le programme l\u2019a encourag\u00e9 \u00e0 assumer les responsabilit\u00e9s li\u00e9es \u00e0 un logement, comme les t\u00e2ches m\u00e9nag\u00e8res, les programmes de groupe et la cuisine, ce qui l\u2019a mieux pr\u00e9par\u00e9 \u00e0 vivre seul.<\/p>\n<div class=\"wp-block-image\"><img loading=\"lazy\" decoding=\"async\" class=\"wp-image-1913 size-medium aligncenter\" src=\"http:\/\/www.salusottawa.org\/fr\/wp-content\/uploads\/sites\/3\/2024\/07\/Jon-and-Theo-1_Ottawa-Salus_REDACTED-FOR-OBJ-300x226.jpeg\" alt=\"Jon et Theo, agent de d\u00e9veloppement communautaire de Salus, prenant la pose avec le dipl\u00f4me d\u2019\u00e9tudes secondaires de Jon.\" width=\"300\" height=\"226\" srcset=\"https:\/\/www.salusottawa.org\/fr\/wp-content\/uploads\/sites\/3\/2024\/07\/Jon-and-Theo-1_Ottawa-Salus_REDACTED-FOR-OBJ-300x226.jpeg 300w, https:\/\/www.salusottawa.org\/fr\/wp-content\/uploads\/sites\/3\/2024\/07\/Jon-and-Theo-1_Ottawa-Salus_REDACTED-FOR-OBJ-1030x776.jpeg 1030w, https:\/\/www.salusottawa.org\/fr\/wp-content\/uploads\/sites\/3\/2024\/07\/Jon-and-Theo-1_Ottawa-Salus_REDACTED-FOR-OBJ-768x578.jpeg 768w, https:\/\/www.salusottawa.org\/fr\/wp-content\/uploads\/sites\/3\/2024\/07\/Jon-and-Theo-1_Ottawa-Salus_REDACTED-FOR-OBJ-1536x1157.jpeg 1536w, https:\/\/www.salusottawa.org\/fr\/wp-content\/uploads\/sites\/3\/2024\/07\/Jon-and-Theo-1_Ottawa-Salus_REDACTED-FOR-OBJ-2048x1542.jpeg 2048w, https:\/\/www.salusottawa.org\/fr\/wp-content\/uploads\/sites\/3\/2024\/07\/Jon-and-Theo-1_Ottawa-Salus_REDACTED-FOR-OBJ-1500x1129.jpeg 1500w, https:\/\/www.salusottawa.org\/fr\/wp-content\/uploads\/sites\/3\/2024\/07\/Jon-and-Theo-1_Ottawa-Salus_REDACTED-FOR-OBJ-705x531.jpeg 705w, https:\/\/www.salusottawa.org\/fr\/wp-content\/uploads\/sites\/3\/2024\/07\/Jon-and-Theo-1_Ottawa-Salus_REDACTED-FOR-OBJ-450x339.jpeg 450w\" sizes=\"auto, (max-width: 300px) 100vw, 300px\" \/><\/div>\n<div>\n<p style=\"text-align: center;\"><em>Jon et Theo, agent de d\u00e9veloppement communautaire de Salus, prenant la pose avec le dipl\u00f4me d\u2019\u00e9tudes secondaires de Jon.<\/em><\/p>\n<\/div>\n<p>Jon se souvient avec affection de l\u2019influence positive de notre personnel de r\u00e9cr\u00e9ologie et de nos programmes sur son r\u00e9tablissement. Sa participation \u00e0 des activit\u00e9s comme le ping-pong, le baby-foot, la course \u00e0 pied et le v\u00e9lo avec des r\u00e9cr\u00e9ologues de Salus a jou\u00e9 un r\u00f4le important dans sa sant\u00e9 et son bien-\u00eatre. Gr\u00e2ce au Fonds Ir\u00e8ne\u00a0Despard, financ\u00e9 par nos g\u00e9n\u00e9reux donateurs, Jon a re\u00e7u une aide financi\u00e8re lors son s\u00e9jour chez Fisher, ce qui lui a permis d\u2019acheter des chaussures de course et de l\u2019\u00e9quipement de cyclisme, de rester actif et de maintenir un mode de vie sain.<\/p>\n<p>Maintenant, Jon vit de fa\u00e7on autonome tout en \u00e9tant \u00e9paul\u00e9 par une communaut\u00e9 Salus solidaire. Il insiste sur les liens positifs qu\u2019il a tiss\u00e9s avec les voisins de son immeuble. Il aide volontiers \u00e0 sortir les poubelles de l\u2019une de ses voisines, qui lui rend la pareille en lui pr\u00e9parant des repas.<\/p>\n<p>Jon reconna\u00eet avec gratitude qu\u2019il vivrait encore dans la pr\u00e9carit\u00e9 si ce n\u2019\u00e9tait de Salus. Comme il le dit si bien, son logement lui offre la stabilit\u00e9 et la libert\u00e9 de se poser et de poursuivre ses ambitions.<\/p>\n<p>\u00ab\u00a0Le chez-soi, c\u2019est l\u00e0 o\u00f9 on peut simplement s\u2019asseoir et relaxer, et ensuite aller de l\u2019avant. C\u2019est l\u2019endroit o\u00f9 vous devez toujours revenir.\u00a0\u00bb<\/p>\n<p>Jon appr\u00e9cie aussi que son autonomie lui permet de se concentrer sur sa croissance personnelle et sur son \u00e9ducation.<\/p>\n<div class=\"wp-block-image\"><img loading=\"lazy\" decoding=\"async\" class=\"size-medium wp-image-1912 aligncenter\" src=\"http:\/\/www.salusottawa.org\/fr\/wp-content\/uploads\/sites\/3\/2024\/07\/PXL_20230921_182818292-226x300.jpg\" alt=\"\" width=\"226\" height=\"300\" srcset=\"https:\/\/www.salusottawa.org\/fr\/wp-content\/uploads\/sites\/3\/2024\/07\/PXL_20230921_182818292-226x300.jpg 226w, https:\/\/www.salusottawa.org\/fr\/wp-content\/uploads\/sites\/3\/2024\/07\/PXL_20230921_182818292-776x1030.jpg 776w, https:\/\/www.salusottawa.org\/fr\/wp-content\/uploads\/sites\/3\/2024\/07\/PXL_20230921_182818292-768x1020.jpg 768w, https:\/\/www.salusottawa.org\/fr\/wp-content\/uploads\/sites\/3\/2024\/07\/PXL_20230921_182818292-1157x1536.jpg 1157w, https:\/\/www.salusottawa.org\/fr\/wp-content\/uploads\/sites\/3\/2024\/07\/PXL_20230921_182818292-1542x2048.jpg 1542w, https:\/\/www.salusottawa.org\/fr\/wp-content\/uploads\/sites\/3\/2024\/07\/PXL_20230921_182818292-1129x1500.jpg 1129w, https:\/\/www.salusottawa.org\/fr\/wp-content\/uploads\/sites\/3\/2024\/07\/PXL_20230921_182818292-531x705.jpg 531w, https:\/\/www.salusottawa.org\/fr\/wp-content\/uploads\/sites\/3\/2024\/07\/PXL_20230921_182818292-450x598.jpg 450w, https:\/\/www.salusottawa.org\/fr\/wp-content\/uploads\/sites\/3\/2024\/07\/PXL_20230921_182818292-scaled.jpg 1928w\" sizes=\"auto, (max-width: 226px) 100vw, 226px\" \/><\/div>\n<div>\n<div class=\"wp-block-image\"><\/div>\n<p style=\"text-align: center;\"><em>Jon re\u00e7oit son certificat de m\u00e9rite.<\/em><\/p>\n<\/div>\n<div class=\"wp-block-image\">D\u00e9termin\u00e9 \u00e0 tirer parti de la vie, Jon souhaite entre autres s\u2019inscrire dans un programme de techniques polici\u00e8res au Coll\u00e8ge Algonquin. Il estime que le fait d\u2019avoir un logement stable lui donne les moyens de poursuivre des \u00e9tudes, de trouver un emploi et de r\u00eaver \u00e0 son avenir.<\/div>\n<p>L\u2019automne dernier, Jon a re\u00e7u un certificat de m\u00e9rite lors d\u2019un \u00e9v\u00e9nement de Salus r\u00e9unissant les partenaires communautaires et les clients. C\u2019est son agent de d\u00e9veloppement communautaire Theo qui avait soumis sa candidature en raison de ses r\u00e9centes r\u00e9alisations, soit l\u2019obtention de son dipl\u00f4me d\u2019\u00e9tudes secondaires et de son permis d\u2019agent de s\u00e9curit\u00e9.<\/p>\n<p>Le parcours de Jon t\u00e9moigne de l\u2019impact transformateur du programme Fisher de Salus et du soutien de notre communaut\u00e9.<\/p>\n<p>Ensemble, nous cr\u00e9ons un avenir meilleur pour des personnes comme Jon, en leur offrant la stabilit\u00e9, l\u2019autonomie et l\u2019espoir qu\u2019elles m\u00e9ritent.<\/p>\n<p>\u00ab\u00a0Je n\u2019aurais pas pu devenir agent de s\u00e9curit\u00e9 autoris\u00e9 ni m\u00eame penser \u00e0 m\u2019inscrire au programme de techniques polici\u00e8res du Coll\u00e8ge Algonquin sans un logement stable et le soutien de personnes extraordinaires qui m\u2019aident \u00e0 atteindre mes objectifs personnels. Merci, Salus.\u00a0\u00bb<\/p>\n<p>\u2013\u00a0Jon<\/p>\n<\/div><\/section>\n<div  class='hr hr-default  '><span class='hr-inner ' ><span class='hr-inner-style'><\/span><\/span><\/div>\n<section class=\"av_textblock_section \"  itemscope=\"itemscope\" itemtype=\"https:\/\/schema.org\/CreativeWork\" ><div class='avia_textblock  '   itemprop=\"text\" ><h1><strong>Espoir et Autonomie: Le Parcours de Claire avec Salus\u00a0<\/strong><\/h1>\n<p>De son propre aveu, Claire\u00a0Burrows est un v\u00e9ritable moulin \u00e0 parole qui adore c\u00f4toyer les gens et jouer les rassembleurs. Tout r\u00e9cemment, Claire s\u2019est jointe \u00e0 Mark\u00a0MacAulay, directeur g\u00e9n\u00e9ral de Salus, et \u00e0 Lindsay\u00a0Taub, membre du conseil d\u2019administration de Salus, pour une entrevue \u00e0 l\u2019\u00e9mission de radio locale <em>An Hour To Give<\/em>.<\/p>\n<p>Claire y a parl\u00e9 de son exp\u00e9rience de la maladie mentale, du r\u00f4le que Salus a jou\u00e9 dans son r\u00e9tablissement et de ses aspirations maintenant qu\u2019elle vit de fa\u00e7on autonome.<\/p>\n<p>Claire avait entendu parler des services de Salus et savait que son r\u00e9tablissement passait par nos programmes qui combinent logement et sant\u00e9 mentale. Selon elle, \u00ab\u00a0\u00e7a tombait sous le sens\u00a0\u00bb.<\/p>\n<p>Elle a visit\u00e9 l\u2019immeuble Fisher de notre programme de r\u00e9adaptation transitionnelle, a d\u00e9couvert notre personnel accueillant et s\u2019est m\u00eame fait une nouvelle amie. Sa visite a confirm\u00e9 la conviction de Claire et, en l\u2019espace d\u2019une semaine, elle avait emm\u00e9nag\u00e9 dans notre immeuble Fisher.<\/p>\n<p>Largement reconnus comme une approche de pointe en mati\u00e8re de soutien au r\u00e9tablissement, les Programmes de r\u00e9adaptation transitionnelle de Salus aident les adultes qui se r\u00e9tablissent d\u2019une maladie mentale tout en vivant dans un milieu communautaire. Au cours des 12\u00a0mois qu\u2019a dur\u00e9 son s\u00e9jour \u00e0 Fisher, Claire a accru son niveau d\u2019autonomie en apprenant des aptitudes et des comp\u00e9tences cl\u00e9s de la vie quotidienne.<\/p>\n<p>Claire est particuli\u00e8rement fi\u00e8re de la fa\u00e7on dont elle a appris \u00e0 s\u2019affirmer davantage, \u00e0 dire \u00ab\u00a0non\u00a0\u00bb et \u00e0 d\u00e9fendre les int\u00e9r\u00eats des autres. Dans le cadre du programme de r\u00e9cr\u00e9ologie, Claire s\u2019est jointe au groupe de v\u00e9lo et a fait des promenades \u00e0 v\u00e9lo autour du canal. Elle s\u2019est aussi rapidement forg\u00e9 une r\u00e9putation de cuisini\u00e8re et de boulang\u00e8re extraordinaire! L\u2019agent de d\u00e9veloppement communautaire de Fisher a remarqu\u00e9 sa passion pour l\u2019alimentation et a encourag\u00e9 Claire \u00e0 suivre une formation sur la salubrit\u00e9 des aliments. Elle a finalement re\u00e7u un certificat de manipulatrice d\u2019aliments.<\/p>\n<p>Ce qui a rendu l\u2019exp\u00e9rience de Claire encore meilleure, c\u2019est d\u2019avoir un gestionnaire de cas de Salus pour l\u2019aider en cours de route. Claire dit que la cerise sur le g\u00e2teau est d\u2019avoir un gestionnaire de cas pour aider. \u00ab\u00a0C\u2019est tellement agr\u00e9able d\u2019avoir quelqu\u2019un \u00e0 qui parler.\u00a0\u00bb<\/p>\n<div class=\"wp-block-image\"><img loading=\"lazy\" decoding=\"async\" class=\"wp-image-1917 size-medium aligncenter\" src=\"http:\/\/www.salusottawa.org\/fr\/wp-content\/uploads\/sites\/3\/2024\/07\/DSCF4181-300x169.jpg\" alt=\"De gauche \u00e0 droite : Camille Therriault-Power (pr\u00e9sidente du conseil d\u2019administration de Salus), Claire Burrows (cliente de Salus) et Denyse Lacroix (travailleuse en r\u00e9adaptation de Salus)\" width=\"300\" height=\"169\" srcset=\"https:\/\/www.salusottawa.org\/fr\/wp-content\/uploads\/sites\/3\/2024\/07\/DSCF4181-300x169.jpg 300w, https:\/\/www.salusottawa.org\/fr\/wp-content\/uploads\/sites\/3\/2024\/07\/DSCF4181-1030x579.jpg 1030w, https:\/\/www.salusottawa.org\/fr\/wp-content\/uploads\/sites\/3\/2024\/07\/DSCF4181-768x432.jpg 768w, https:\/\/www.salusottawa.org\/fr\/wp-content\/uploads\/sites\/3\/2024\/07\/DSCF4181-1536x864.jpg 1536w, https:\/\/www.salusottawa.org\/fr\/wp-content\/uploads\/sites\/3\/2024\/07\/DSCF4181-2048x1152.jpg 2048w, https:\/\/www.salusottawa.org\/fr\/wp-content\/uploads\/sites\/3\/2024\/07\/DSCF4181-1500x844.jpg 1500w, https:\/\/www.salusottawa.org\/fr\/wp-content\/uploads\/sites\/3\/2024\/07\/DSCF4181-705x397.jpg 705w, https:\/\/www.salusottawa.org\/fr\/wp-content\/uploads\/sites\/3\/2024\/07\/DSCF4181-450x253.jpg 450w\" sizes=\"auto, (max-width: 300px) 100vw, 300px\" \/><\/div>\n<p style=\"text-align: center;\"><em>De gauche \u00e0 droite\u00a0: Camille\u00a0Therriault-Power (pr\u00e9sidente du conseil d\u2019administration de Salus), Claire\u00a0Burrows (cliente de Salus) et Denyse\u00a0Lacroix (travailleuse en r\u00e9adaptation de Salus)<\/em><\/p>\n<p>Apr\u00e8s avoir obtenu son dipl\u00f4me de Fisher, Claire a emm\u00e9nag\u00e9 dans notre immeuble d\u2019habitation autonome Gladstone, o\u00f9 elle continue de cuisiner pour sa communaut\u00e9 et re\u00e7oit le soutien d\u2019un gestionnaire de cas et d\u2019un agent de d\u00e9veloppement communautaire sur place.<\/p>\n<p>En ce qui concerne l\u2019avenir, Claire travaille \u00e0 trouver un emploi et esp\u00e8re inspirer des gens qui pourraient \u00eatre dans la situation dans laquelle elle se trouvait autrefois. Claire veut faire savoir aux gens qu\u2019\u00ab\u00a0il y a de l\u2019espoir pour tout le monde et que la route ne s\u2019arr\u00eate pas, elle continue\u00a0\u00bb.<\/p>\n<p>C\u2019est un honneur pour nous d\u2019avoir jou\u00e9 un r\u00f4le dans le parcours de Claire et nous avons h\u00e2te de voir toutes les choses incroyables qu\u2019elle accomplira.<\/p>\n<\/div><\/section>\n","protected":false},"excerpt":{"rendered":"","protected":false},"author":1,"featured_media":0,"parent":10,"menu_order":0,"comment_status":"closed","ping_status":"closed","template":"","meta":{"footnotes":""},"class_list":["post-1178","page","type-page","status-publish","hentry"],"acf":[],"_links":{"self":[{"href":"https:\/\/www.salusottawa.org\/fr\/wp-json\/wp\/v2\/pages\/1178","targetHints":{"allow":["GET"]}}],"collection":[{"href":"https:\/\/www.salusottawa.org\/fr\/wp-json\/wp\/v2\/pages"}],"about":[{"href":"https:\/\/www.salusottawa.org\/fr\/wp-json\/wp\/v2\/types\/page"}],"author":[{"embeddable":true,"href":"https:\/\/www.salusottawa.org\/fr\/wp-json\/wp\/v2\/users\/1"}],"replies":[{"embeddable":true,"href":"https:\/\/www.salusottawa.org\/fr\/wp-json\/wp\/v2\/comments?post=1178"}],"version-history":[{"count":9,"href":"https:\/\/www.salusottawa.org\/fr\/wp-json\/wp\/v2\/pages\/1178\/revisions"}],"predecessor-version":[{"id":1911,"href":"https:\/\/www.salusottawa.org\/fr\/wp-json\/wp\/v2\/pages\/1178\/revisions\/1911"}],"up":[{"embeddable":true,"href":"https:\/\/www.salusottawa.org\/fr\/wp-json\/wp\/v2\/pages\/10"}],"wp:attachment":[{"href":"https:\/\/www.salusottawa.org\/fr\/wp-json\/wp\/v2\/media?parent=1178"}],"curies":[{"name":"wp","href":"https:\/\/api.w.org\/{rel}","templated":true}]}}